{"id":16,"date":"2020-03-19T07:02:52","date_gmt":"2020-03-19T07:02:52","guid":{"rendered":"http:\/\/christianeichhorn.de\/?page_id=16"},"modified":"2020-04-12T10:10:23","modified_gmt":"2020-04-12T09:10:23","slug":"impressum-und-datenschutzerklaerung","status":"publish","type":"page","link":"http:\/\/christianeichhorn.de\/?page_id=16","title":{"rendered":"Impressum und Datenschutzerkl\u00e4rung"},"content":{"rendered":"\n<p>Christian Eichhorn, B\u00e4dekerstra\u00dfe 25, 58636 Iserlohn, info@christianeichhorn.de<\/p>\n\n\n\n<p>Texte, Grafiken,  Fotos und Musik auf diesen Seiten sind, sofern keine anderen Autoren  oder Eigent\u00fcmer genannt sind, Eigentum des Anbieters, andernfalls nat\u00fcrlich Eigentum der genannten Autoren, Eigent\u00fcmer oder deren  Vertreter. Sollten Sie Interesse an Bildern oder Fotos haben, setzen Sie  sich bitte mit mir in Verbindung.<\/p>\n\n\n\n<p>Mit dem Urteil  vom 12. Mai 1998 &#8211; 312 O 85\/98 &#8211; \u201eHaftung f\u00fcr Links\u201c hat das Landgericht  (LG) in Hamburg entschieden: Durch die Anbringung eines Links hat der  Inhaber der Seite die Inhalte der gelinkten Seite ggf. mit zu  verantworten. Wir machen daher darauf aufmerksam, dass Inhalte gelinkter  Seiten nicht unserer Kontrolle unterliegen und nicht mit unserer  Meinung \u00fcbereinstimmen m\u00fcssen. Ich pr\u00fcfe Links bei Anbringung, kann aber auf eventuelle \u00c4nderungen nicht immer sofort reagieren. <\/p>\n\n\n\n<p>Nach der Ansicht  des Landgerichts (LG) Trier (Aktenzeichen 4 O 106\/00) macht sich der  Betreiber die Inhalte der G\u00e4stebucheintr\u00e4ge zu Eigen, wenn er sie l\u00e4nger  als eine Woche unver\u00e4ndert l\u00e4sst und ist daher daf\u00fcr haftbar. Ich mache daher darauf aufmerksam, dass wir beleidigende, politisch  radikale und rechtswidrige Eintr\u00e4ge in Kommentaren dieser Seite entfernen werde, gleiches gilt f\u00fcr Werbung. Sofern eine  g\u00fcltige Emailadresse angegeben ist, wird der Autor davon in Kenntnis  gesetzt.                                              <\/p>\n\n\n\n<p>Jugendschutzbeauftragte f\u00fcr diese Website ist Christian Eichhorn, er ist  per E-Mail unter der Adresse <a href=\"mailto:jugendschutz@outtalimits.de\">info@christianeichhorn.de<\/a> zu erreichen.                                                <\/p>\n\n\n\n<p>Sollten einzelne  Abschnitte dieses Impressums nicht (mehr) g\u00fcltigem Recht entsprechen,  bleiben die anderen Abschnitte davon unber\u00fchrt und das Impressum beh\u00e4lt  mit Ausnahme des entsprechenden Abschnittes seine G\u00fcltigkeit.                                                 <\/p>\n\n\n\n<p>Der Verantwortliche im Sinne der Datenschutz-Grundverordnung und anderer  nationaler Datenschutzgesetze der Mitgliedsstaaten sowie sonstiger  datenschutzrechtlicher Bestimmungen ist Christian Eichhorn, B\u00e4dekerstra\u00dfe 25, 58636 Iserlohn, info@christianeichhorn.de<br>Wir verarbeiten personenbezogene Daten unserer Nutzer grunds\u00e4tzlich nur,  soweit dies zur Bereitstellung einer funktionsf\u00e4higen Website sowie  unserer Inhalte und Leistungen erforderlich ist. Diese Informationen werden zur Erstellung einer Besucherstatistik und  Fehleranalyse der Webseite bei der STRATO AG, Berlin, gespeichert und  verarbeitet und dort nach Ablauf von drei Kalenderjahren gel\u00f6scht. Aus datenschutzrechtlichen Gr\u00fcnden werden in den Logfiles der Hostname  bzw. die IP-Adresse des Clients, der Ihre Website aufruft, anonymisiert  gespeichert. In den Logfiles werden nur die Eintr\u00e4ge f\u00fcr den Host des Clients oder,  wenn dieser nicht ermittelbar ist, die IP-Adresse des Clients  anonymisiert. Rechtsgrundlage f\u00fcr die vor\u00fcbergehende Speicherung der Daten ist Art. 6  Abs. 1 lit. f DSGVO. <br>Bei jedem Aufruf unserer Internetseite erfasst unser System  automatisiert Daten und Informationen vom Computersystem des aufrufenden  Rechners. Folgende Daten werden hierbei erhoben: <\/p>\n\n\n\n<ol><li> Informationen \u00fcber den Browsertyp und die verwendete Version<\/li><li> Das Betriebssystem des Nutzers<\/li><li> Den Internet-Service-Provider des Nutzers<\/li><li> Die IP-Adresse des Nutzers<\/li><li> Datum und Uhrzeit des Zugriffs<\/li><li> Websites, von denen das System des Nutzers auf unsere Internetseite gelangt<\/li><li> Websites, die vom System des Nutzers \u00fcber unsere Website aufgerufen werden<\/li><\/ol>\n\n\n\n<p> Die Daten werden ebenfalls in den Logfiles unseres Systems gespeichert. Nicht hiervon betroffen sind die IP-Adressen des Nutzers oder andere  Daten, die die Zuordnung der Daten zu einem Nutzer erm\u00f6glichen. Eine Speicherung dieser Daten zusammen mit anderen personenbezogenen  Daten des Nutzers findet nicht statt. <br>Rechtsgrundlage f\u00fcr die vor\u00fcbergehende Speicherung der Daten ist Art. 6  Abs. 1 lit. f DSGVO. Die vor\u00fcbergehende Speicherung der IP-Adresse durch das System ist  notwendig, um eine Auslieferung der Website an den Rechner des Nutzers  zu erm\u00f6glichen. Hierf\u00fcr muss die IP-Adresse des Nutzers f\u00fcr die Dauer  der Sitzung gespeichert bleiben. In diesen Zwecken liegt auch unser berechtigtes Interesse an der  Datenverarbeitung nach Art. 6 Abs. 1 lit. f DSGVO. Die Erfassung der Daten zur Bereitstellung der Website und die  Speicherung der Daten in Logfiles ist f\u00fcr den Betrieb der Internetseite  zwingend erforderlich. Es besteht folglich seitens des Nutzers keine  Widerspruchsm\u00f6glichkeit. Eine Kontaktaufnahme \u00fcber die bereitgestellte E-Mail-Adressen m\u00f6glich.  In diesem Fall werden die mit der E-Mail \u00fcbermittelten personenbezogenen  Daten des Nutzers gespeichert. Es erfolgt in diesem Zusammenhang keine Weitergabe der Daten an Dritte.  Die Daten werden ausschlie\u00dflich f\u00fcr die Verarbeitung der Konversation  verwendet. <br>Rechtsgrundlage f\u00fcr die Verarbeitung der Daten, die im Zuge einer  \u00dcbersendung einer E-Mail \u00fcbermittelt werden, ist Art. 6 Abs. 1 lit. f  DSGVO. Nimmt der Nutzer per E-Mail Kontakt mit uns auf, so kann er der  Speicherung seiner personenbezogenen Daten jederzeit widersprechen. In  einem solchen Fall kann die Konversation nicht fortgef\u00fchrt werden. Sie k\u00f6nnen von dem Verantwortlichen eine Best\u00e4tigung dar\u00fcber verlangen,  ob personenbezogene Daten, die Sie betreffen, von uns verarbeitet  werden. Liegt eine solche Verarbeitung vor, k\u00f6nnen Sie von dem Verantwortlichen  \u00fcber folgende Informationen Auskunft verlangen: <\/p>\n\n\n\n<ol><li> die Zwecke, zu denen die personenbezogenen Daten verarbeitet werden;<\/li><li> die Kategorien von personenbezogenen Daten, welche verarbeitet werden;;<\/li><li> die Empf\u00e4nger bzw. die Kategorien von Empf\u00e4ngern, gegen\u00fcber denen \ndie Sie betreffenden personenbezogenen Daten offengelegt wurden oder \nnoch offengelegt werden;<\/li><li> die geplante Dauer der Speicherung der Sie betreffenden \npersonenbezogenen Daten oder, falls konkrete Angaben hierzu nicht \nm\u00f6glich sind, Kriterien f\u00fcr die Festlegung der Speicherdauer;<\/li><li> das Bestehen eines Rechts auf Berichtigung oder L\u00f6schung der Sie \nbetreffenden personenbezogenen Daten, eines Rechts auf Einschr\u00e4nkung der\n Verarbeitung durch den Verantwortlichen oder eines Widerspruchsrechts \ngegen diese Verarbeitung;<\/li><li> das Bestehen eines Beschwerderechts bei einer Aufsichtsbeh\u00f6rde;\n<\/li><li> alle verf\u00fcgbaren Informationen \u00fcber die Herkunft der Daten, \nwenn die personenbezogenen Daten nicht bei der betroffenen Person \nerhoben werden;\n<\/li><li> das Bestehen einer automatisierten Entscheidungsfindung \neinschlie\u00dflich Profiling gem\u00e4\u00df Art. 22 Abs. 1 und 4 DSGVO und \u2013 \nzumindest in diesen F\u00e4llen \u2013 aussagekr\u00e4ftige Informationen \u00fcber die \ninvolvierte Logik sowie die Tragweite und die angestrebten Auswirkungen \neiner derartigen Verarbeitung f\u00fcr die betroffene Person.\n<\/li><\/ol>\n\n\n\n<p>Ihnen steht das Recht zu, Auskunft dar\u00fcber zu verlangen, ob die Sie  betreffenden personenbezogenen Daten in ein Drittland oder an eine  internationale Organisation \u00fcbermittelt werden. In diesem Zusammenhang  k\u00f6nnen Sie verlangen, \u00fcber die geeigneten Garantien gem. Art. 46 DSGVO  im Zusammenhang mit der \u00dcbermittlung unterrichtet zu werden. Sie haben ein Recht auf Berichtigung und\/oder Vervollst\u00e4ndigung  gegen\u00fcber dem Verantwortlichen, sofern die verarbeiteten  personenbezogenen Daten, die Sie betreffen, unrichtig oder unvollst\u00e4ndig  sind. Der Verantwortliche hat die Berichtigung unverz\u00fcglich  vorzunehmen. Unter den folgenden Voraussetzungen k\u00f6nnen Sie die Einschr\u00e4nkung der  Verarbeitung der Sie betreffenden personenbezogenen Daten verlangen: <\/p>\n\n\n\n<ol><li> wenn Sie die Richtigkeit der Sie betreffenden personenbezogenen f\u00fcr\n eine Dauer bestreiten, die es dem Verantwortlichen erm\u00f6glicht, die \nRichtigkeit der personenbezogenen Daten zu \u00fcberpr\u00fcfen;<\/li><li> die Verarbeitung unrechtm\u00e4\u00dfig ist und Sie die L\u00f6schung der \npersonenbezogenen Daten ablehnen und stattdessen die Einschr\u00e4nkung der \nNutzung der personenbezogenen Daten verlangen;<\/li><li> der Verantwortliche die personenbezogenen Daten f\u00fcr die Zwecke der \nVerarbeitung nicht l\u00e4nger ben\u00f6tigt, Sie diese jedoch zur Geltendmachung,\n Aus\u00fcbung oder Verteidigung von Rechtsanspr\u00fcchen ben\u00f6tigen, oder<\/li><li> wenn Sie Widerspruch gegen die Verarbeitung gem\u00e4\u00df Art. 21 Abs. 1 \nDSGVO eingelegt haben und noch nicht feststeht, ob die berechtigten \nGr\u00fcnde des Verantwortlichen gegen\u00fcber Ihren Gr\u00fcnden \u00fcberwiegen.<\/li><\/ol>\n\n\n\n<p>Wurde die Verarbeitung der Sie betreffenden personenbezogenen Daten  eingeschr\u00e4nkt, d\u00fcrfen diese Daten \u2013 von ihrer Speicherung abgesehen \u2013  nur mit Ihrer Einwilligung oder zur Geltendmachung, Aus\u00fcbung oder  Verteidigung von Rechtsanspr\u00fcchen oder zum Schutz der Rechte einer  anderen nat\u00fcrlichen oder juristischen Person oder aus Gr\u00fcnden eines  wichtigen \u00f6ffentlichen Interesses der Union oder eines Mitgliedstaats  verarbeitet werden. Wurde die Einschr\u00e4nkung der Verarbeitung nach den o.g. Voraussetzungen  eingeschr\u00e4nkt, werden Sie von dem Verantwortlichen unterrichtet bevor  die Einschr\u00e4nkung aufgehoben wird. Sie k\u00f6nnen von dem Verantwortlichen verlangen, dass die Sie betreffenden  personenbezogenen Daten unverz\u00fcglich gel\u00f6scht werden, und der  Verantwortliche ist verpflichtet, diese Daten unverz\u00fcglich zu l\u00f6schen,  sofern einer der folgenden Gr\u00fcnde zutrifft: <\/p>\n\n\n\n<ol><li> Die Sie betreffenden personenbezogenen Daten sind f\u00fcr die Zwecke, \nf\u00fcr die sie erhoben oder auf sonstige Weise verarbeitet wurden, nicht \nmehr notwendig.<\/li><li> Sie widerrufen Ihre Einwilligung, auf die sich die Verarbeitung \ngem. Art. 6 Abs. 1 lit. a oder Art. 9 Abs. 2 lit. a DSGVO st\u00fctzte, und \nes fehlt an einer anderweitigen Rechtsgrundlage f\u00fcr die Verarbeitung.<\/li><li> Sie legen gem. Art. 21 Abs. 1 DSGVO Widerspruch gegen die \nVerarbeitung ein und es liegen keine vorrangigen berechtigten Gr\u00fcnde f\u00fcr\n die Verarbeitung vor, oder Sie legen gem. Art. 21 Abs. 2 DSGVO \nWiderspruch gegen die Verarbeitung ein.<\/li><li> Die Sie betreffenden personenbezogenen Daten wurden unrechtm\u00e4\u00dfig verarbeitet.<\/li><li> Die L\u00f6schung der Sie betreffenden personenbezogenen Daten ist zur \nErf\u00fcllung einer rechtlichen Verpflichtung nach dem Unionsrecht oder dem \nRecht der Mitgliedstaaten erforderlich, dem der Verantwortliche \nunterliegt.<\/li><li> Die Sie betreffenden personenbezogenen Daten wurden in Bezug auf \nangebotene Dienste der Informationsgesellschaft gem\u00e4\u00df Art. 8 Abs. 1 \nDSGVO erhoben.<\/li><\/ol>\n\n\n\n<p>Hat der Verantwortliche die Sie betreffenden personenbezogenen Daten  \u00f6ffentlich gemacht und ist er gem. Art. 17 Abs. 1 DSGVO zu deren  L\u00f6schung verpflichtet, so trifft er unter Ber\u00fccksichtigung der  verf\u00fcgbaren Technologie und der Implementierungskosten angemessene  Ma\u00dfnahmen, auch technischer Art, um f\u00fcr die Datenverarbeitung  Verantwortliche, die die personenbezogenen Daten verarbeiten, dar\u00fcber zu  informieren, dass Sie als betroffene Person von ihnen die L\u00f6schung  aller Links zu diesen personenbezogenen Daten oder von Kopien oder  Replikationen dieser personenbezogenen Daten verlangt haben. Das Recht auf L\u00f6schung besteht nicht, soweit die Verarbeitung  erforderlich ist <\/p>\n\n\n\n<ol><li> zur Aus\u00fcbung des Rechts auf freie Meinungs\u00e4u\u00dferung und Information;<\/li><li> zur Erf\u00fcllung einer rechtlichen Verpflichtung, die die Verarbeitung\n nach dem Recht der Union oder der Mitgliedstaaten, dem der \nVerantwortliche unterliegt, erfordert, oder zur Wahrnehmung einer \nAufgabe, die im \u00f6ffentlichen Interesse liegt oder in Aus\u00fcbung \n\u00f6ffentlicher Gewalt erfolgt, die dem Verantwortlichen \u00fcbertragen wurde;<\/li><li> aus Gr\u00fcnden des \u00f6ffentlichen Interesses im Bereich der \u00f6ffentlichen\n Gesundheit gem\u00e4\u00df Art. 9 Abs. 2 lit. h und i sowie Art. 9 Abs. 3 DSGVO;<\/li><li> f\u00fcr im \u00f6ffentlichen Interesse liegende Archivzwecke, \nwissenschaftliche oder historische Forschungszwecke oder f\u00fcr \nstatistische Zwecke gem. Art. 89 Abs. 1 DSGVO, soweit das unter \nAbschnitt a) genannte Recht voraussichtlich die Verwirklichung der Ziele\n dieser Verarbeitung unm\u00f6glich macht oder ernsthaft beeintr\u00e4chtigt, oder<\/li><li> zur Geltendmachung, Aus\u00fcbung oder Verteidigung von Rechtsanspr\u00fcchen.<\/li><\/ol>\n\n\n\n<p>Haben Sie das Recht auf Berichtigung, L\u00f6schung oder Einschr\u00e4nkung der  Verarbeitung gegen\u00fcber dem Verantwortlichen geltend gemacht, ist dieser  verpflichtet, allen Empf\u00e4ngern, denen die Sie betreffenden  personenbezogenen Daten offengelegt wurden, diese Berichtigung oder  L\u00f6schung der Daten oder Einschr\u00e4nkung der Verarbeitung mitzuteilen, es  sei denn, dies erweist sich als unm\u00f6glich oder ist mit einem  unverh\u00e4ltnism\u00e4\u00dfigen Aufwand verbunden. Ihnen steht gegen\u00fcber dem Verantwortlichen das Recht zu, \u00fcber diese  Empf\u00e4nger unterrichtet zu werden. Sie haben das Recht, die Sie betreffenden personenbezogenen Daten, die  Sie dem Verantwortlichen bereitgestellt haben, in einem strukturierten,  g\u00e4ngigen und maschinenlesbaren Format zu erhalten. Au\u00dferdem haben Sie  das Recht diese Daten einem anderen Verantwortlichen ohne Behinderung  durch den Verantwortlichen, dem die personenbezogenen Daten  bereitgestellt wurden, zu \u00fcbermitteln, sofern <\/p>\n\n\n\n<ol><li> die Verarbeitung auf einer Einwilligung gem. Art. 6 Abs. 1 lit. a \nDSGVO oder Art. 9 Abs. 2 lit. a DSGVO oder auf einem Vertrag gem. Art. 6\n Abs. 1 lit. b DSGVO beruht und<\/li><li> die Verarbeitung mithilfe automatisierter Verfahren erfolgt.<\/li><\/ol>\n\n\n\n<p>In Aus\u00fcbung dieses Rechts haben Sie ferner das Recht, zu erwirken, dass  die Sie betreffenden personenbezogenen Daten direkt von einem  Verantwortlichen einem anderen Verantwortlichen \u00fcbermittelt werden,  soweit dies technisch machbar ist. Freiheiten und Rechte anderer  Personen d\u00fcrfen hierdurch nicht beeintr\u00e4chtigt werden. Das Recht auf Daten\u00fcbertragbarkeit gilt nicht f\u00fcr eine Verarbeitung  personenbezogener Daten, die f\u00fcr die Wahrnehmung einer Aufgabe  erforderlich ist, die im \u00f6ffentlichen Interesse liegt oder in Aus\u00fcbung  \u00f6ffentlicher Gewalt erfolgt, die dem Verantwortlichen \u00fcbertragen wurde. Sie haben das Recht, aus Gr\u00fcnden, die sich aus ihrer besonderen  Situation ergeben, jederzeit gegen die Verarbeitung der Sie betreffenden  personenbezogenen Daten, die aufgrund von Art. 6 Abs. 1 lit. e oder f  DSGVO erfolgt, Widerspruch einzulegen; dies gilt auch f\u00fcr ein auf diese  Bestimmungen gest\u00fctztes Profiling. Der Verantwortliche verarbeitet die Sie betreffenden personenbezogenen  Daten nicht mehr, es sei denn, er kann zwingende schutzw\u00fcrdige Gr\u00fcnde  f\u00fcr die Verarbeitung nachweisen, die Ihre Interessen, Rechte und  Freiheiten \u00fcberwiegen, oder die Verarbeitung dient der Geltendmachung,  Aus\u00fcbung oder Verteidigung von Rechtsanspr\u00fcchen. Werden die Sie betreffenden personenbezogenen Daten verarbeitet, um  Direktwerbung zu betreiben, haben Sie das Recht, jederzeit Widerspruch  gegen die Verarbeitung der Sie betreffenden personenbezogenen Daten zum  Zwecke derartiger Werbung einzulegen; dies gilt auch f\u00fcr das Profiling,  soweit es mit solcher Direktwerbung in Verbindung steht. Widersprechen Sie der Verarbeitung f\u00fcr Zwecke der Direktwerbung, so  werden die Sie betreffenden personenbezogenen Daten nicht mehr f\u00fcr diese  Zwecke verarbeitet. <br> Sie haben die M\u00f6glichkeit, im Zusammenhang mit der Nutzung von Diensten  der Informationsgesellschaft \u2013 ungeachtet der Richtlinie 2002\/58\/EG \u2013  Ihr Widerspruchsrecht mittels automatisierter Verfahren auszu\u00fcben, bei  denen technische Spezifikationen verwendet werden. Sie haben das Recht, Ihre datenschutzrechtliche Einwilligungserkl\u00e4rung  jederzeit zu widerrufen. Durch den Widerruf der Einwilligung wird die  Rechtm\u00e4\u00dfigkeit der aufgrund der Einwilligung bis zum Widerruf erfolgten  Verarbeitung nicht ber\u00fchrt. Sie haben das Recht, nicht einer ausschlie\u00dflich auf einer  automatisierten Verarbeitung \u2013 einschlie\u00dflich Profiling \u2013 beruhenden  Entscheidung unterworfen zu werden, die Ihnen gegen\u00fcber rechtliche  Wirkung entfaltet oder Sie in \u00e4hnlicher Weise erheblich beeintr\u00e4chtigt.  Dies gilt nicht, wenn die Entscheidung <\/p>\n\n\n\n<ol><li> f\u00fcr den Abschluss oder die Erf\u00fcllung eines Vertrags zwischen Ihnen und dem Verantwortlichen erforderlich ist,<\/li><li> aufgrund von Rechtsvorschriften der Union oder der Mitgliedstaaten,\n denen der Verantwortliche unterliegt, zul\u00e4ssig ist und diese \nRechtsvorschriften angemessene Ma\u00dfnahmen zur Wahrung Ihrer Rechte und \nFreiheiten sowie Ihrer berechtigten Interessen enthalten oder<\/li><li> mit Ihrer ausdr\u00fccklichen Einwilligung erfolgt.<\/li><\/ol>\n\n\n\n<p>Allerdings d\u00fcrfen diese Entscheidungen nicht auf besonderen Kategorien  personenbezogener Daten nach Art. 9 Abs. 1 DSGVO beruhen, sofern nicht  Art. 9 Abs. 2 lit. a oder g DSGVO gilt und angemessene Ma\u00dfnahmen zum  Schutz der Rechte und Freiheiten sowie Ihrer berechtigten Interessen  getroffen wurden. Hinsichtlich der in (1) und (3) genannten F\u00e4lle trifft der  Verantwortliche angemessene Ma\u00dfnahmen, um die Rechte und Freiheiten  sowie Ihre berechtigten Interessen zu wahren, wozu mindestens das Recht  auf Erwirkung des Eingreifens einer Person seitens des Verantwortlichen,  auf Darlegung des eigenen Standpunkts und auf Anfechtung der  Entscheidung geh\u00f6rt. Unbeschadet eines anderweitigen verwaltungsrechtlichen oder  gerichtlichen Rechtsbehelfs steht Ihnen das Recht auf Beschwerde bei  einer Aufsichtsbeh\u00f6rde, insbesondere in dem Mitgliedstaat ihres  Aufenthaltsorts, ihres Arbeitsplatzes oder des Orts des mutma\u00dflichen  Versto\u00dfes, zu, wenn Sie der Ansicht sind, dass die Verarbeitung der Sie  betreffenden personenbezogenen Daten gegen die DSGVO verst\u00f6\u00dft. Die Aufsichtsbeh\u00f6rde, bei der die Beschwerde eingereicht wurde,  unterrichtet den Beschwerdef\u00fchrer \u00fcber den Stand und die Ergebnisse der  Beschwerde einschlie\u00dflich der M\u00f6glichkeit eines gerichtlichen  Rechtsbehelfs nach Art. 78 DSGVO.                                                                                                  <\/p>\n","protected":false},"excerpt":{"rendered":"<p>Christian Eichhorn, B\u00e4dekerstra\u00dfe 25, 58636 Iserlohn, info@christianeichhorn.de Texte, Grafiken, Fotos und Musik auf diesen Seiten sind, sofern keine anderen Autoren oder Eigent\u00fcmer genannt sind, Eigentum des Anbieters, andernfalls nat\u00fcrlich Eigentum der genannten Autoren, Eigent\u00fcmer oder deren Vertreter. Sollten Sie Interesse an Bildern oder Fotos haben, setzen Sie sich bitte mit mir in Verbindung. Mit dem &hellip; <\/p>\n<p class=\"link-more\"><a href=\"http:\/\/christianeichhorn.de\/?page_id=16\" class=\"more-link\"><span class=\"screen-reader-text\">\u201eImpressum und Datenschutzerkl\u00e4rung\u201c<\/span> weiterlesen<\/a><\/p>\n","protected":false},"author":1,"featured_media":0,"parent":0,"menu_order":0,"comment_status":"closed","ping_status":"closed","template":"","meta":[],"_links":{"self":[{"href":"http:\/\/christianeichhorn.de\/index.php?rest_route=\/wp\/v2\/pages\/16"}],"collection":[{"href":"http:\/\/christianeichhorn.de\/index.php?rest_route=\/wp\/v2\/pages"}],"about":[{"href":"http:\/\/christianeichhorn.de\/index.php?rest_route=\/wp\/v2\/types\/page"}],"author":[{"embeddable":true,"href":"http:\/\/christianeichhorn.de\/index.php?rest_route=\/wp\/v2\/users\/1"}],"replies":[{"embeddable":true,"href":"http:\/\/christianeichhorn.de\/index.php?rest_route=%2Fwp%2Fv2%2Fcomments&post=16"}],"version-history":[{"count":3,"href":"http:\/\/christianeichhorn.de\/index.php?rest_route=\/wp\/v2\/pages\/16\/revisions"}],"predecessor-version":[{"id":238,"href":"http:\/\/christianeichhorn.de\/index.php?rest_route=\/wp\/v2\/pages\/16\/revisions\/238"}],"wp:attachment":[{"href":"http:\/\/christianeichhorn.de\/index.php?rest_route=%2Fwp%2Fv2%2Fmedia&parent=16"}],"curies":[{"name":"wp","href":"https:\/\/api.w.org\/{rel}","templated":true}]}}